{"id":12259,"date":"2014-08-21T14:58:00","date_gmt":"2014-08-21T12:58:00","guid":{"rendered":"https:\/\/www.gml.si\/dr-lendvai-kepe-zoltan\/"},"modified":"2025-04-25T13:17:26","modified_gmt":"2025-04-25T11:17:26","slug":"dr-lendvai-kepe-zoltan","status":"publish","type":"page","link":"https:\/\/www.gml.si\/hu\/dr-lendvai-kepe-zoltan\/","title":{"rendered":"Dr. Lendvai Kepe Zolt\u00e1n PhD"},"content":{"rendered":"<p><strong>N\u00e9prajzkutat\u00f3, m\u00fazeumi tan\u00e1csos<\/strong><\/p>\n<p><span style=\"font-size: 20px;\"><strong>R\u00f6vid \u00e9letrajz<\/strong><\/span><\/p>\n<p><a href=\"https:\/\/www.gml.si\/wp-content\/uploads\/2025\/02\/2023.06.29.iskolatortenet-LKZ-GML_4086a-cr.jpg\" data-lbwps-width=\"1462\" data-lbwps-height=\"2194\" data-lbwps-srcsmall=\"https:\/\/www.gml.si\/wp-content\/uploads\/2025\/02\/2023.06.29.iskolatortenet-LKZ-GML_4086a-cr-333x500.jpg\"><img loading=\"lazy\" decoding=\"async\" class=\"alignright size-medium wp-image-18606\" src=\"https:\/\/www.gml.si\/wp-content\/uploads\/2025\/02\/2023.06.29.iskolatortenet-LKZ-GML_4086a-cr-333x500.jpg\" alt=\"\" width=\"333\" height=\"500\" srcset=\"https:\/\/www.gml.si\/wp-content\/uploads\/2025\/02\/2023.06.29.iskolatortenet-LKZ-GML_4086a-cr-333x500.jpg 333w, https:\/\/www.gml.si\/wp-content\/uploads\/2025\/02\/2023.06.29.iskolatortenet-LKZ-GML_4086a-cr-682x1024.jpg 682w, https:\/\/www.gml.si\/wp-content\/uploads\/2025\/02\/2023.06.29.iskolatortenet-LKZ-GML_4086a-cr-768x1153.jpg 768w, https:\/\/www.gml.si\/wp-content\/uploads\/2025\/02\/2023.06.29.iskolatortenet-LKZ-GML_4086a-cr-1024x1536.jpg 1024w, https:\/\/www.gml.si\/wp-content\/uploads\/2025\/02\/2023.06.29.iskolatortenet-LKZ-GML_4086a-cr-1365x2048.jpg 1365w, https:\/\/www.gml.si\/wp-content\/uploads\/2025\/02\/2023.06.29.iskolatortenet-LKZ-GML_4086a-cr.jpg 1462w\" sizes=\"auto, (max-width: 333px) 100vw, 333px\" \/><\/a>Dr. Lendvai Kepe Zolt\u00e1n 1964-ben sz\u00fcletett Muraszombatban. Gyermek \u00e9s ifj\u00fas\u00e1gi \u00e9veit Fels\u0151lakosban \u00e9s Lendv\u00e1n t\u00f6lt\u00f6tte. A gimn\u00e1zium elv\u00e9gz\u00e9se ut\u00e1n k\u00e9pz\u0151m\u0171v\u00e9szeti p\u00e1ly\u00e1ra k\u00e9sz\u00fclt, 1984-ben sikeresen felv\u00e9telizett a Maribori Pedag\u00f3giai Akad\u00e9mia K\u00e9pz\u0151m\u0171v\u00e9szeti Tansz\u00e9k\u00e9re. <strong>5 \u00f6n\u00e1ll\u00f3 \u00e9s 7 csoportos k\u00e9pz\u0151m\u0171v\u00e9szeti, valamint 6 \u00f6n\u00e1ll\u00f3 \u00e9s 2 csoportos fot\u00f3ki\u00e1ll\u00edt\u00e1s<\/strong> f\u0171z\u0151dik a nev\u00e9hez. 1995 \u00e9s 1999 k\u00f6z\u00f6tt a lendvai Magyar Nemzetis\u00e9gi M\u0171vel\u0151d\u00e9si Int\u00e9zet munkat\u00e1rsa volt, ott fordult az \u00e9rdekl\u0151d\u00e9se a n\u00e9prajzkutat\u00e1s fel\u00e9. 2004-ben szerzett diplom\u00e1t a Szegedi Tudom\u00e1nyegyetem N\u00e9prajzi Tansz\u00e9k\u00e9n. 2012-ben a budapesti E\u00f6tv\u00f6s L\u00f3r\u00e1nd Tudom\u00e1nyegyetem Eur\u00f3pai Etnol\u00f3gia Doktori Program keret\u00e9ben sikeresen megv\u00e9dte a Het\u00e9s falvainak n\u00e9pess\u00e9ge \u00e9s gazd\u00e1lkod\u00e1sa a 18-20. sz\u00e1zadban c\u00edm\u0171 doktori disszert\u00e1ci\u00f3j\u00e1t. 2005 \u0151sz\u00e9n a Lendvai Gal\u00e9ria \u00e9s M\u00fazeum muzeol\u00f3gusa lett, 2012-ben f\u0151muzeol\u00f3gusi c\u00edmet kapott.<\/p>\n<p>Dr. Kepe Zolt\u00e1n a m\u00fazeumi ki\u00e1ll\u00edt\u00e1sait k\u00eds\u00e9r\u0151 szaksz\u00f6vegeit <strong>minden esetben magyar \u00e9s szlov\u00e9n nyelven is elk\u00e9sz\u00edtette. S\u0151t egyes esetekben n\u00e9gy nyelven: magyar, szlov\u00e9n, angol \u00e9s n\u00e9met szaksz\u00f6veggel ismertette Lendva-vid\u00e9k kultur\u00e1lis \u00f6r\u00f6ks\u00e9g\u00e9t.<\/strong> K\u00f6zrem\u0171k\u00f6d\u00f6tt 4 muravid\u00e9ki falusi helyt\u00f6rt\u00e9neti gy\u0171jtem\u00e9ny l\u00e9trehoz\u00e1s\u00e1n\u00e1l (Kapornak, Dobronak, Zsitk\u00f3c, Domonkosfa) \u00e9s 3 megval\u00f3s\u00edt\u00e1sra aj\u00e1nlott falusi gy\u0171jtem\u00e9ny (V\u00f6lgyifalu, Radamos, K\u00f3t) szakmai terv\u00e9t k\u00e9sz\u00edtette el. A Lendvai Gal\u00e9ria \u00e9s M\u00fazeum munkat\u00e1rsak\u00e9nt k\u00f6zel k\u00e9t \u00e9vtized alatt <strong>12 \u00e1lland\u00f3 ki\u00e1ll\u00edt\u00e1st rendezett \u00f6sszesen mintegy 900 n\u00e9gyzetm\u00e9ternyi ter\u00fcleteten Lendva v\u00e1ros\u00e1ban 3 helysz\u00ednen (Lendvai Zsinag\u00f3ga, Lendvai Polg\u00e1rs\u00e1g M\u00fazeuma, lendvai v\u00e1r)<\/strong>, \u00fagymint:<\/p>\n<ul>\n<li><strong>2006-ban a Het\u00e9si n\u00e9pi textilkult\u00fara, <\/strong><\/li>\n<li><strong>2007-ben a Lendva v\u00e1ros polg\u00e1rosod\u00e1sa, nyomd\u00e1szata \u00e9s erny\u0151gy\u00e1rt\u00e1sa, <\/strong><\/li>\n<li><strong>2008-ban a Zala Gy\u00f6rgy-eml\u00e9kszoba, <\/strong><\/li>\n<li><strong>2011-ben a Szakr\u00e1lis t\u00e1rgyak Lendva-vid\u00e9ken, <\/strong><\/li>\n<li><strong>2012-ben a Muravid\u00e9ki zsid\u00f3s\u00e1g,<\/strong> valamint a <strong>Lendvai kincsek \u00e9s sorsok,<\/strong><\/li>\n<li><strong>2018-ban a Lendvai \u00e9vsz\u00e1zadok, <\/strong><\/li>\n<li><strong>2021-ben az Er\u0151s v\u00e1r a mi Isten\u00fcnk<\/strong> \u2013 Lendva-vid\u00e9k \u00e9s a nemzetis\u00e9gi ter\u00fclet szakr\u00e1lis \u00f6r\u00f6ks\u00e9ge,<\/li>\n<li><strong>2022-ben a Lendva-vid\u00e9k n\u00e9prajzi \u00f6r\u00f6ks\u00e9ge<\/strong> \u00e9s <strong>Het\u00e9si n\u00e9pi textilkult\u00fara,<\/strong><\/li>\n<li><strong>2023-ban Legenda \u00e9s val\u00f3s\u00e1g a Hadik-m\u00fami\u00e1r\u00f3l, Lendva-vid\u00e9k \u00e9s a nemzetis\u00e9gi ter\u00fclet,<\/strong> valamint szint\u00e9n<\/li>\n<li><strong>2023-ban A lendvai v\u00e1r az \u00e9vsz\u00e1zadokon \u00e1t<\/strong> c\u00edmmel.<\/li>\n<\/ul>\n<p>A 12 \u00e1lland\u00f3 ki\u00e1ll\u00edt\u00e1s mellett muzeol\u00f3gusk\u00e9nt <strong>27 id\u0151szaki n\u00e9prajzi, t\u00f6rt\u00e9neti \u00e9s m\u0171v\u00e9szett\u00f6rt\u00e9neti ki\u00e1ll\u00edt\u00e1st rendezett, <\/strong>amelyek mind a Lendva-vid\u00e9ki kultur\u00e1lis \u00f6r\u00f6ks\u00e9g\u00e9vel kapcsolatosak. Ezeket a m\u00fazeumi ki\u00e1ll\u00edt\u00e1sokat <strong>Lendv\u00e1n 2006 \u00e9s 2023 k\u00f6z\u00f6tt mintegy 320.000<\/strong> turista tekintette meg.<\/p>\n<p>Publicisztikai \u00edr\u00e1sai 1993-t\u00f3l jelennek meg. Feles\u00e9g\u00e9vel, Kep\u00e9n\u00e9 dr. Bihar M\u00e1ri\u00e1val k\u00f6z\u00f6sen szerkesztett n\u00e9prajzi tudom\u00e1nyos-ismeretterjeszt\u0151 rovatuk 2002-t\u0151l jelenik meg a N\u00e9p\u00fajs\u00e1gban, ahol eddig mintegy <strong>680 tudom\u00e1nyos-ismeretterjeszt\u0151 cikk\u00fck l\u00e1tott<\/strong> napvil\u00e1got. Alap\u00edt\u00f3ja \u00e9s szerkeszt\u0151je a Lendvai Gal\u00e9ria \u00e9s M\u00fazeum <strong>Lyndvamuseum<\/strong> c\u00edm\u0171 tudom\u00e1nyos k\u00f6nyvsorozat\u00e1nak, valamint t\u00e1rsszerkeszt\u0151je a Magyar Nemzetis\u00e9gi M\u0171vel\u0151d\u00e9si Int\u00e9zet \u00e1ltal kiadott <strong>Hogy ne menjen feled\u00e9sbe<\/strong> c\u00edm\u0171 hagyom\u00e1ny\u0151rz\u0151 kiadv\u00e1nysorozatnak. A Szlov\u00e9n RTV Lendvai TV St\u00fadi\u00f3ja <strong>28 n\u00e9prajzi, t\u00f6rt\u00e9neti \u00e9s kultur\u00e1lis antropol\u00f3giai filmj\u00e9nek<\/strong> t\u00e1rszerz\u0151je, tan\u00e1csad\u00f3ja vagy szakmai vend\u00e9ge volt. A Muravid\u00e9ki Magyar R\u00e1di\u00f3, a ljubljanai Val 202 \u00e9s a ljutomeri Radio Maxi <strong>tudom\u00e1nyos ismeretterjeszt\u0151 \u00e9s honismereti sorozataiban eddig 84 alkalommal volt szakmai vend\u00e9g, <\/strong>amelyekben Lendva \u00e9s vid\u00e9k\u00e9nek legjelent\u0151sebb kultur\u00e1lis \u00e9rt\u00e9keit k\u00f6zvet\u00edtette a r\u00e1di\u00f3hallgat\u00f3khoz.<\/p>\n<p><strong>33 \u00f6n\u00e1ll\u00f3 tudom\u00e1nyos k\u00f6nyvnek a szerz\u0151je vagy t\u00e1rsszerz\u0151je \u00e9s 7 tudom\u00e1nyos k\u00f6tetnek a szerkeszt\u0151je,<\/strong> amelynek t\u00f6bbs\u00e9ge a vil\u00e1gh\u00e1l\u00f3n is el\u00e9rhet\u0151 digitaliz\u00e1lt form\u00e1ban. 1997 \u00e9s 2023 k\u00f6z\u00f6tt <strong>213 tanulm\u00e1nya<\/strong> \u00e9s szakcikke jelent meg magyarorsz\u00e1gi \u00e9s szlov\u00e9niai tudom\u00e1nyos k\u00f6tetekben, foly\u00f3iratokban \u00e9s szaklapokban <strong>magyar, szlov\u00e9n, n\u00e9met \u00e9s angol nyelven.<\/strong><\/p>\n<p>Dr. Lendvai Kepe Zolt\u00e1n a Lendvai Gal\u00e9ria \u00e9s M\u00fazeum k\u00f6zint\u00e9zm\u00e9ny <strong>tan\u00e1cs\u00e1nak eln\u00f6ke<\/strong> (2020-2025), a Lendvai K\u00f6nyvt\u00e1r \u00e9s Kultur\u00e1lis K\u00f6zpont k\u00f6zint\u00e9zm\u00e9ny <strong>tan\u00e1cs\u00e1nak aleln\u00f6ke<\/strong> (2021-2025), valamint 2017-t\u0151l a <strong>Magyar Tudom\u00e1nyos Akad\u00e9mia k\u00fcls\u0151 k\u00f6ztest\u00fclet\u00e9nek tagja.<\/strong><\/p>\n<p>&nbsp;<\/p>\n<p><u>Szakmai d\u00edjak:<\/u><\/p>\n<ul>\n<li><strong>Pro Ethnographia Minoritatum<\/strong> (Magyar N\u00e9prajzi T\u00e1rsas\u00e1g, Budapest, 2012)<\/li>\n<li><strong>Kultur\u00e1lis N\u00edv\u00f3d\u00edj<\/strong> (Muravid\u00e9ki Magyar \u00d6nkorm\u00e1nyzati Nemzeti K\u00f6z\u00f6ss\u00e9g, Lendva, 2013)<\/li>\n<li><strong>B\u00e1tky Zsigmond-d\u00edj<\/strong> (Magyar N\u00e9prajzi M\u00fazeum \u2013 N\u00e9pi Hagyom\u00e1nyok Alap\u00edtv\u00e1ny, Budapest, 2017) az Er\u0151s v\u00e1r a mi Isten\u00fcnk &#8211; Lendva-vid\u00e9k szakr\u00e1lis \u00f6r\u00f6ks\u00e9ge c\u00edm\u0171 id\u0151szaki ki\u00e1ll\u00edt\u00e1s rendez\u00e9s\u00e9\u00e9rt<\/li>\n<li><strong>Lendva K\u00f6zs\u00e9g plakettje kimagasl\u00f3 eredm\u00e9nyek\u00e9rt a kult\u00fara ter\u00fclet\u00e9n <\/strong>(Lendva K\u00f6zs\u00e9g, Lendva, 2024)<\/li>\n<\/ul>\n<p><span style=\"font-size: 12px;\">(Lendva, 2025. 4. 25.)<\/span><\/p>\n<hr \/>\n<p><span style=\"font-size: 20px;\"><strong>Publik\u00e1ci\u00f3s lista<\/strong><\/span><\/p>\n<p><i class=\"fas fa-file-pdf\"><\/i> <a href=\"https:\/\/www.gml.si\/wp-content\/uploads\/2025\/02\/2024-12-LKZ-publikacio-Hu-Slo-Ang.pdf\">2024-12-LKZ-publikacio-Hu-Slo-Ang<\/a> (pdf, 632 KB)<\/p>\n<hr \/>\n<blockquote class=\"wp-embedded-content\" data-secret=\"czbHsK17Qu\"><p><a href=\"https:\/\/www.gml.si\/hu\/az-intezetrol-elerhetoseg\/\">Az int\u00e9zetr\u0151l: EL\u00c9RHET\u0150S\u00c9G<\/a><\/p><\/blockquote>\n<p><iframe loading=\"lazy\" class=\"wp-embedded-content\" sandbox=\"allow-scripts\" security=\"restricted\" style=\"position: absolute; visibility: hidden;\" title=\"&#8220;Az int\u00e9zetr\u0151l: EL\u00c9RHET\u0150S\u00c9G&#8221; &#8212; GML\" src=\"https:\/\/www.gml.si\/hu\/az-intezetrol-elerhetoseg\/embed\/#?secret=Yprr6yRrCg#?secret=czbHsK17Qu\" data-secret=\"czbHsK17Qu\" width=\"600\" height=\"338\" frameborder=\"0\" marginwidth=\"0\" marginheight=\"0\" scrolling=\"no\"><\/iframe><\/p>\n","protected":false},"excerpt":{"rendered":"<p>N\u00e9prajzkutat\u00f3, m\u00fazeumi tan\u00e1csos R\u00f6vid \u00e9letrajz Dr. Lendvai Kepe Zolt\u00e1n 1964-ben sz\u00fcletett Muraszombatban. Gyermek \u00e9s ifj\u00fas\u00e1gi \u00e9veit Fels\u0151lakosban \u00e9s Lendv\u00e1n t\u00f6lt\u00f6tte. A gimn\u00e1zium elv\u00e9gz\u00e9se ut\u00e1n k\u00e9pz\u0151m\u0171v\u00e9szeti p\u00e1ly\u00e1ra k\u00e9sz\u00fclt, 1984-ben sikeresen felv\u00e9telizett a Maribori Pedag\u00f3giai Akad\u00e9mia K\u00e9pz\u0151m\u0171v\u00e9szeti Tansz\u00e9k\u00e9re. 5 \u00f6n\u00e1ll\u00f3 \u00e9s 7 &hellip; <a href=\"https:\/\/www.gml.si\/hu\/dr-lendvai-kepe-zoltan\/\"><\/p>\n<p>B\u0151vebben <span class=\"meta-nav\">\u2192<\/span><\/a><\/p>\n","protected":false},"author":5,"featured_media":18606,"parent":0,"menu_order":0,"comment_status":"closed","ping_status":"closed","template":"","meta":{"inline_featured_image":false,"footnotes":""},"class_list":["post-12259","page","type-page","status-publish","has-post-thumbnail","hentry"],"_links":{"self":[{"href":"https:\/\/www.gml.si\/hu\/wp-json\/wp\/v2\/pages\/12259","targetHints":{"allow":["GET"]}}],"collection":[{"href":"https:\/\/www.gml.si\/hu\/wp-json\/wp\/v2\/pages"}],"about":[{"href":"https:\/\/www.gml.si\/hu\/wp-json\/wp\/v2\/types\/page"}],"author":[{"embeddable":true,"href":"https:\/\/www.gml.si\/hu\/wp-json\/wp\/v2\/users\/5"}],"replies":[{"embeddable":true,"href":"https:\/\/www.gml.si\/hu\/wp-json\/wp\/v2\/comments?post=12259"}],"version-history":[{"count":8,"href":"https:\/\/www.gml.si\/hu\/wp-json\/wp\/v2\/pages\/12259\/revisions"}],"predecessor-version":[{"id":18791,"href":"https:\/\/www.gml.si\/hu\/wp-json\/wp\/v2\/pages\/12259\/revisions\/18791"}],"wp:featuredmedia":[{"embeddable":true,"href":"https:\/\/www.gml.si\/hu\/wp-json\/wp\/v2\/media\/18606"}],"wp:attachment":[{"href":"https:\/\/www.gml.si\/hu\/wp-json\/wp\/v2\/media?parent=12259"}],"curies":[{"name":"wp","href":"https:\/\/api.w.org\/{rel}","templated":true}]}}